{"id":11964,"date":"2023-04-25T04:56:16","date_gmt":"2023-04-25T04:56:16","guid":{"rendered":"https:\/\/www.arteenboga.com.co\/la\/?post_type=event_listing&#038;p=11964"},"modified":"2023-04-26T05:12:03","modified_gmt":"2023-04-26T05:12:03","slug":"tablao-flamenco-este-sabado-con-distrito-flamenco-en-casa-valhalla","status":"publish","type":"event_listing","link":"https:\/\/www.arteenboga.com.co\/la\/event\/tablao-flamenco-este-sabado-con-distrito-flamenco-en-casa-valhalla\/","title":{"rendered":"Tablao Flamenco este s\u00e1bado con Distrito Flamenco en Casa Valhalla"},"content":{"rendered":"<p>Casa Valhalla es un espacio para la Creaci\u00f3n y Divulgaci\u00f3n de las Artes Esc\u00e9nicas y el Flamenco en Bogot\u00e1, ubicado en el coraz\u00f3n del Barrio San Felipe en la localidad de Barrios Unidos. Semanalmente aloja exponentes de la danza flamenco, conciertos, obras teatrales, muestras art\u00edsticas y un caf\u00e9 bar que complementa la experiencia est\u00e9tica en este espacio para los amantes del arte y la gastronom\u00eda. Esta semana regresa el tablao pa los flamencos de la mano de distrito flamenco.<\/p>\n<p><img loading=\"lazy\" decoding=\"async\" class=\"wp-image-11965 alignleft\" src=\"https:\/\/www.arteenboga.com.co\/la\/wp-content\/uploads\/2023\/04\/Captura-de-Pantalla-2023-04-25-a-las-23.37.37.png\" alt=\"\" width=\"301\" height=\"301\" srcset=\"https:\/\/www.arteenboga.com.co\/la\/wp-content\/uploads\/2023\/04\/Captura-de-Pantalla-2023-04-25-a-las-23.37.37.png 626w, https:\/\/www.arteenboga.com.co\/la\/wp-content\/uploads\/2023\/04\/Captura-de-Pantalla-2023-04-25-a-las-23.37.37-200x200.png 200w\" sizes=\"auto, (max-width: 301px) 100vw, 301px\" \/><\/p>\n<h4>Fechas: 29\u00a0de abril \/ 2023<br \/>\nLugar: Casa Valhalla<br \/>\nCra 22 74-31 San Felipe<br \/>\nHora: 8:30\u202fpm<br \/>\nTablao pa los Flamencos<\/h4>\n<p><strong>Int\u00e9rpretes:<\/strong><\/p>\n<p>Vanessa Moreno<br \/>\nClara Castro<br \/>\nCamila Mosquera<br \/>\nSilvia Ram\u00edrez<br \/>\nNiko Cortes<\/p>\n<p>Boleter\u00eda: $40K<\/p>\n<p>M\u00e1s informaci\u00f3n en las redes del proyecto:<\/p>\n<p class=\"p1\"><a href=\"https:\/\/www.instagram.com\/casavalhalla\/\">https:\/\/www.instagram.com\/casavalhalla\/<\/a><\/p>\n<p class=\"p1\"><a href=\"https:\/\/www.instagram.com\/distritoflamenco\/?hl=es\">https:\/\/www.instagram.com\/distritoflamenco\/?hl=es<\/a><\/p>\n<p class=\"p1\"><a href=\"https:\/\/www.instagram.com\/pipia.ragu\/\">https:\/\/www.instagram.com\/pipia.ragu\/<\/a><\/p>\n<p class=\"p1\"><a href=\"https:\/\/www.instagram.com\/camilamosquerahenao\/\">https:\/\/www.instagram.com\/camilamosquerahenao\/<\/a><\/p>\n<p class=\"p1\"><a href=\"https:\/\/www.instagram.com\/inercia.danza\/\">https:\/\/www.instagram.com\/inercia.danza\/<\/a><\/p>\n<p class=\"p1\"><a href=\"https:\/\/www.instagram.com\/vane_moreno_flamenco\/\">https:\/\/www.instagram.com\/vane_moreno_flamenco\/<\/a><\/p>\n<p class=\"p1\"><a href=\"https:\/\/www.instagram.com\/niko_cortes_gomez\/\">https:\/\/www.instagram.com\/niko_cortes_gomez\/<\/a><\/p>\n<p>Consulte toda la programaci\u00f3n aqu\u00ed:<br \/>\n<a href=\"https:\/\/www.instagram.com\/casavalhalla\/\">https:\/\/www.instagram.com\/casavalhalla\/<\/a><\/p>\n","protected":false},"featured_media":11966,"template":"","meta":[],"event_listing_category":[185],"event_listing_type":[192],"class_list":["post-11964","event_listing","type-event_listing","status-publish","has-post-thumbnail","hentry","event_listing_category-danza","event_listing_type-interdisciplinar"],"_links":{"self":[{"href":"https:\/\/www.arteenboga.com.co\/la\/wp-json\/wp\/v2\/event_listing\/11964","targetHints":{"allow":["GET"]}}],"collection":[{"href":"https:\/\/www.arteenboga.com.co\/la\/wp-json\/wp\/v2\/event_listing"}],"about":[{"href":"https:\/\/www.arteenboga.com.co\/la\/wp-json\/wp\/v2\/types\/event_listing"}],"wp:featuredmedia":[{"embeddable":true,"href":"https:\/\/www.arteenboga.com.co\/la\/wp-json\/wp\/v2\/media\/11966"}],"wp:attachment":[{"href":"https:\/\/www.arteenboga.com.co\/la\/wp-json\/wp\/v2\/media?parent=11964"}],"wp:term":[{"taxonomy":"event_listing_category","embeddable":true,"href":"https:\/\/www.arteenboga.com.co\/la\/wp-json\/wp\/v2\/event_listing_category?post=11964"},{"taxonomy":"event_listing_type","embeddable":true,"href":"https:\/\/www.arteenboga.com.co\/la\/wp-json\/wp\/v2\/event_listing_type?post=11964"}],"curies":[{"name":"wp","href":"https:\/\/api.w.org\/{rel}","templated":true}]}}